{"id":765,"date":"2021-08-04T10:24:45","date_gmt":"2021-08-04T08:24:45","guid":{"rendered":"https:\/\/musee-tudor.lu\/?page_id=765"},"modified":"2021-08-04T10:29:08","modified_gmt":"2021-08-04T08:29:08","slug":"das-werk-henri-tudors","status":"publish","type":"page","link":"https:\/\/musee-tudor.lu\/fr\/das-werk-henri-tudors\/","title":{"rendered":"Les travaux d\u2019Henri Tudor"},"content":{"rendered":"<p>[et_pb_section fb_built=&#8220;1&#8243; _builder_version=&#8220;4.9.9&#8243; _module_preset=&#8220;default&#8220; custom_margin=&#8220;-48px|||||&#8220; custom_padding=&#8220;||52px|||&#8220;][et_pb_row column_structure=&#8220;1_2,1_2&#8243; _builder_version=&#8220;4.9.9&#8243; _module_preset=&#8220;default&#8220; custom_padding=&#8220;40px|||||&#8220;][et_pb_column type=&#8220;1_2&#8243; _builder_version=&#8220;4.9.9&#8243; _module_preset=&#8220;default&#8220;][et_pb_text _builder_version=&#8220;4.9.9&#8243; _module_preset=&#8220;default&#8220;]<\/p>\n<div class=\"elementor-element elementor-element-c65b880 animation_type_block sc_fly_static elementor-widget elementor-widget-heading\" data-id=\"c65b880\" data-element_type=\"widget\" data-widget_type=\"heading.default\">\n<div class=\"elementor-column elementor-col-33 elementor-inner-column elementor-element elementor-element-4646945 sc_inner_width_none sc_content_align_inherit sc_layouts_column_icons_position_left\" data-id=\"4646945\" data-element_type=\"column\">\n<div class=\"elementor-column-wrap elementor-element-populated\">\n<div class=\"elementor-widget-wrap\">\n<div class=\"elementor-element elementor-element-4fdbe4e animation_type_block sc_fly_static elementor-widget elementor-widget-heading\" data-id=\"4fdbe4e\" data-element_type=\"widget\" data-widget_type=\"heading.default\">\n<div class=\"elementor-widget-container\">\n<h4 class=\"elementor-heading-title elementor-size-default\">Die Anf\u00e4nge<\/h4>\n<\/div>\n<\/div>\n<\/div>\n<\/div>\n<\/div>\n<p class=\"elementor-widget-container\">Henri Tudor hat seine ersten Experimente mit der Unterst\u00fctzung seines Bruders Hubert und seines Vetters Nikolaus Josef Schalkenbach w\u00e4hrend der Semesterferien gemacht. Um 1881 schlie\u00dft er einen Gramme-Generator an die v\u00e4terliche Wasserm\u00fchle an und erzeugt damit elektrischen Strom. Um die Spannung zu stabilisieren und den schwankenden Bedarf auszugleichen, schaltet Henri seine selbst konstruierten Akkumulatoren im Stromkreis dazu. Im Oktober 1882 ist der Irminenhof somit eines der ersten privaten H\u00e4user in Europa, das mit Elektrizit\u00e4t versorgt ist.<\/p>\n<\/div>\n<p>[\/et_pb_text][\/et_pb_column][et_pb_column type=&#8220;1_2&#8243; _builder_version=&#8220;4.9.9&#8243; _module_preset=&#8220;default&#8220;][et_pb_image src=&#8220;https:\/\/musee-tudor.lu\/wp-content\/uploads\/2021\/07\/Exposition-Bruxelles.jpg&#8220; title_text=&#8220;Exposition-Bruxelles&#8220; _builder_version=&#8220;4.9.9&#8243; _module_preset=&#8220;default&#8220; min_height=&#8220;326.7px&#8220; border_radii=&#8220;on|15px|15px|15px|15px&#8220;][\/et_pb_image][\/et_pb_column][\/et_pb_row][et_pb_row _builder_version=&#8220;4.9.9&#8243; _module_preset=&#8220;default&#8220;][et_pb_column type=&#8220;4_4&#8243; _builder_version=&#8220;4.9.9&#8243; _module_preset=&#8220;default&#8220;][et_pb_text _builder_version=&#8220;4.9.9&#8243; _module_preset=&#8220;default&#8220; hover_enabled=&#8220;0&#8243; sticky_enabled=&#8220;0&#8243;]<\/p>\n<section class=\"elementor-section elementor-inner-section elementor-element elementor-element-78bc655 elementor-section-boxed elementor-section-height-default elementor-section-height-default\" data-id=\"78bc655\" data-element_type=\"section\" data-settings=\"{&quot;_ha_eqh_enable&quot;:false}\">\n<div class=\"elementor-container elementor-column-gap-extended\">\n<div class=\"elementor-row\">\n<div class=\"elementor-column elementor-col-66 elementor-inner-column elementor-element elementor-element-a931154 sc_inner_width_none sc_content_align_inherit sc_layouts_column_icons_position_left\" data-id=\"a931154\" data-element_type=\"column\">\n<div class=\"elementor-column-wrap elementor-element-populated\">\n<div class=\"elementor-widget-wrap\">\n<div class=\"elementor-element elementor-element-9adc74f animation_type_block sc_fly_static elementor-widget elementor-widget-heading\" data-id=\"9adc74f\" data-element_type=\"widget\" data-widget_type=\"heading.default\">\n<div class=\"elementor-widget-container\">\n<section class=\"elementor-element elementor-element-78bc655 elementor-section-boxed elementor-section-height-default elementor-section-height-default elementor-section elementor-inner-section\" data-id=\"78bc655\" data-element_type=\"section\">\n<div class=\"elementor-container elementor-column-gap-extended\">\n<div class=\"elementor-row\">\n<div class=\"elementor-element elementor-element-a931154 sc_inner_width_none sc_content_align_inherit sc_layouts_column_icons_position_left elementor-column elementor-col-66 elementor-inner-column\" data-id=\"a931154\" data-element_type=\"column\">\n<div class=\"elementor-column-wrap  elementor-element-populated\">\n<div class=\"elementor-widget-wrap\">\n<div class=\"elementor-element elementor-element-9adc74f animation_type_block sc_fly_static elementor-widget elementor-widget-heading\" data-id=\"9adc74f\" data-element_type=\"widget\" data-widget_type=\"heading.default\">\n<div class=\"elementor-widget-container\">\n<h4 class=\"elementor-heading-title elementor-size-default\">Elektrische Anlagen f\u00fcr die Stromversorgung<\/h4>\n<\/div>\n<\/div>\n<\/div>\n<\/div>\n<\/div>\n<\/div>\n<\/div>\n<\/section>\n<p class=\"elementor-heading-title elementor-size-default\"><span class=\"elementor-drop-cap\"><span class=\"elementor-drop-cap-letter\">B<\/span><\/span><span>ei der Weltausstellung in Lyon (1894) stellt Henri Tudor, in Zusammenarbeit mit dem Hause Lombard-G\u00e9rin, eine elektrische Station vor, die auf einem Dynamo und einer Batterie aufbaut und 500 Lampen mit 10 Kerzen (150A bei 115V) w\u00e4hrend vier Stunden zum Leuchten bringt. Ein Gasmotor treibt dabei den Dynamo an, der den Strom f\u00fcr den Tudor-Akku und f\u00fcr das Netz liefert. Wenn der Dynamo nicht gen\u00fcgend Strom erzeugt, um den Bedarf zu decken, springt die Tudor-Batterie automatisch ein. Wenn hingegen die Nachfrage sinkt, kann der Gasmotor ausgeschaltet werden und die Batterie liefert ganz kurz weiter Strom bzw. der Generator liefert die Leistung. Dieses System hat jedoch einen Nachteil: obwohl selten erforderlich, bedingen Akku-Reparaturen Schwei\u00dfarbeiten und sind daher schwierig instand zu halten.<\/span><\/p>\n<p class=\"elementor-heading-title elementor-size-default\"><span>Ziemlich schnell verliert Henri Tudor sein Interesse an elektrischen Anlagen und widmet sich vollst\u00e4ndig der Herstellung und stetigen Weiterentwicklung der Blei-Akkumulatoren. Bereits 1889 beschweren sich viele Arbeiter der Fabrik Tudor Br\u00fcder und Schalkenbach, dass sie nicht die Technologie nutzen zu k\u00f6nnen, die sie selber herstellen \u2013 aber es wird noch bis zum Jahr 1901 dauern, ehe auch Rosport eine \u00f6ffentliche elektrische Beleuchtung erh\u00e4lt.<\/span><\/p>\n<\/div>\n<\/div>\n<\/div>\n<\/div>\n<\/div>\n<\/div>\n<\/div>\n<\/section>\n<p>[\/et_pb_text][\/et_pb_column][\/et_pb_row][et_pb_row column_structure=&#8220;1_2,1_2&#8243; _builder_version=&#8220;4.9.9&#8243; _module_preset=&#8220;default&#8220;][et_pb_column type=&#8220;1_2&#8243; _builder_version=&#8220;4.9.9&#8243; _module_preset=&#8220;default&#8220;][et_pb_text _builder_version=&#8220;4.9.9&#8243; _module_preset=&#8220;default&#8220;]<\/p>\n<section class=\"elementor-section elementor-inner-section elementor-element elementor-element-2240e72 elementor-section-boxed elementor-section-height-default elementor-section-height-default\" data-id=\"2240e72\" data-element_type=\"section\" data-settings=\"{&quot;_ha_eqh_enable&quot;:false}\">\n<div class=\"elementor-container elementor-column-gap-extended\">\n<div class=\"elementor-row\">\n<div class=\"elementor-column elementor-col-100 elementor-inner-column elementor-element elementor-element-f365f38 sc_inner_width_none sc_content_align_inherit sc_layouts_column_icons_position_left\" data-id=\"f365f38\" data-element_type=\"column\">\n<div class=\"elementor-column-wrap elementor-element-populated\">\n<div class=\"elementor-widget-wrap\">\n<div class=\"elementor-element elementor-element-63030d6 animation_type_block sc_fly_static elementor-widget elementor-widget-heading\" data-id=\"63030d6\" data-element_type=\"widget\" data-widget_type=\"heading.default\">\n<div class=\"elementor-widget-container\">\n<h4 class=\"elementor-heading-title elementor-size-default\">Ein Kraftwerk in der Abtei Echternach<\/h4>\n<\/div>\n<\/div>\n<\/div>\n<\/div>\n<\/div>\n<\/div>\n<\/div>\n<\/section>\n<section class=\"elementor-section elementor-inner-section elementor-element elementor-element-9929b81 elementor-section-boxed elementor-section-height-default elementor-section-height-default\" data-id=\"9929b81\" data-element_type=\"section\" data-settings=\"{&quot;_ha_eqh_enable&quot;:false}\">\n<div class=\"elementor-container elementor-column-gap-extended\">\n<div class=\"elementor-row\">\n<div class=\"elementor-column elementor-col-50 elementor-inner-column elementor-element elementor-element-3e10d18 sc_inner_width_none sc_content_align_inherit sc_layouts_column_icons_position_left\" data-id=\"3e10d18\" data-element_type=\"column\">\n<div class=\"elementor-column-wrap elementor-element-populated\">\n<div class=\"elementor-widget-wrap\">\n<div class=\"elementor-element elementor-element-08e0755 animation_type_block sc_fly_static elementor-widget elementor-widget-spacer\" data-id=\"08e0755\" data-element_type=\"widget\" data-widget_type=\"spacer.default\">\n<div class=\"elementor-widget-container\">\n<div class=\"elementor-spacer\"><span class=\"elementor-drop-cap\"><span class=\"elementor-drop-cap-letter\">I<\/span><\/span><span>m Jahre 1886 bietet Tudor der Stadt Echternach an, die Petroleumlaternen durch eine elektrische Beleuchtung zu ersetzen.<\/span><br \/><span>Nachdem die Bedenken ausger\u00e4umt sind, das Tudorsche System k\u00f6nne in einer gr\u00f6\u00dferen Stadt nicht so gut funktionieren wie im Irminenhof, nimmt die Gemeinde den Entwurf an. Ende 1886 ist in der Abtei von Echternach ein Kraftwerk f\u00fcr die stabile und konstante Beleuchtung eingerichtet und die Stadt kann die neue Technologie nutzen.<\/span><\/div>\n<\/div>\n<\/div>\n<\/div>\n<\/div>\n<\/div>\n<\/div>\n<\/div>\n<\/section>\n<p>[\/et_pb_text][et_pb_text _builder_version=&#8220;4.9.9&#8243; _module_preset=&#8220;default&#8220;]<\/p>\n<p><span>Bereits nach kurzer Zeit muss Tudor einen zweiten Dampfkessel einbauen, um die Leistung des Stromnetzes zu erh\u00f6hen und so mehr private H\u00e4user anschlie\u00dfen zu k\u00f6nnen. Die Beleuchtung von Echternach \u00fcberrascht und inspiriert das Ausland, und viele St\u00e4dte \u2013 insbesondere in Belgien \u2013 wollen Verbindung zu Tudor aufnehmen. Dieser gr\u00fcndet die Soci\u00e9t\u00e9 Anonyme Belge pour l\u2019Eclairage Public par l\u2019Electricit\u00e9, um seine Aktivit\u00e4ten in Belgien zu erleichtern.<\/span><\/p>\n<p>[\/et_pb_text][\/et_pb_column][et_pb_column type=&#8220;1_2&#8243; _builder_version=&#8220;4.9.9&#8243; _module_preset=&#8220;default&#8220;][et_pb_text _builder_version=&#8220;4.9.9&#8243; _module_preset=&#8220;default&#8220;]<\/p>\n<div class=\"elementor-column elementor-col-50 elementor-inner-column elementor-element elementor-element-3e10d18 sc_inner_width_none sc_content_align_inherit sc_layouts_column_icons_position_left\" data-id=\"3e10d18\" data-element_type=\"column\">\n<div class=\"elementor-column-wrap elementor-element-populated\">\n<div class=\"elementor-widget-wrap\">\n<div class=\"elementor-element elementor-element-b2d33f3 elementor-drop-cap-yes elementor-drop-cap-view-default animation_type_block sc_fly_static elementor-widget elementor-widget-text-editor\" data-id=\"b2d33f3\" data-element_type=\"widget\" data-settings=\"{&quot;drop_cap&quot;:&quot;yes&quot;}\" data-widget_type=\"text-editor.default\">\n<div class=\"elementor-widget-container\">\n<div class=\"elementor-text-editor elementor-clearfix\">\n<p class=\"flie-tx-blk\">Zu Beginn seiner industriellen T\u00e4tigkeit schlie\u00dft sich Tudor mit Adolph M\u00fcller zusammen. Dieser Handelsvertreter wird im Jahre 1887 Vertreter der Br\u00fcder Tudor in Deutschland. Ein Jahr sp\u00e4ter schlie\u00dft er ein Abkommen mit den Tudor-Br\u00fcdern und erh\u00e4lt das exklusive Recht, Tudor-Akkumulatoren in Deutschland, Zentral- und Osteuropa sowie Skandinavien herzustellen und zu verkaufen.<\/p>\n<\/div>\n<\/div>\n<\/div>\n<\/div>\n<\/div>\n<\/div>\n<div class=\"elementor-column elementor-col-50 elementor-inner-column elementor-element elementor-element-9ab21ab sc_inner_width_none sc_content_align_inherit sc_layouts_column_icons_position_left\" data-id=\"9ab21ab\" data-element_type=\"column\">\n<div class=\"elementor-column-wrap elementor-element-populated\">\n<div class=\"elementor-widget-wrap\">\n<div class=\"elementor-element elementor-element-3aff202 animation_type_block sc_fly_static elementor-widget elementor-widget-spacer\" data-id=\"3aff202\" data-element_type=\"widget\" data-widget_type=\"spacer.default\">\n<div class=\"elementor-widget-container\">\n<div class=\"elementor-spacer\"><\/div>\n<\/div>\n<\/div>\n<\/div>\n<\/div>\n<\/div>\n<p>[\/et_pb_text][et_pb_image src=&#8220;https:\/\/musee-tudor.lu\/wp-content\/uploads\/2021\/07\/ancienne-abbaye-crop-u21134.jpg&#8220; title_text=&#8220;ancienne-abbaye-crop-u21134&#8243; _builder_version=&#8220;4.9.9&#8243; _module_preset=&#8220;default&#8220; border_radii=&#8220;on|15px|15px|15px|15px&#8220;][\/et_pb_image][\/et_pb_column][\/et_pb_row][\/et_pb_section]<\/p>\n","protected":false},"excerpt":{"rendered":"<p>Die Anf\u00e4nge Henri Tudor hat seine ersten Experimente mit der Unterst\u00fctzung seines Bruders Hubert und seines Vetters Nikolaus Josef Schalkenbach w\u00e4hrend der Semesterferien gemacht. Um 1881 schlie\u00dft er einen Gramme-Generator an die v\u00e4terliche Wasserm\u00fchle an und erzeugt damit elektrischen Strom. Um die Spannung zu stabilisieren und den schwankenden Bedarf auszugleichen, schaltet Henri seine selbst konstruierten [&hellip;]<\/p>\n","protected":false},"author":5,"featured_media":0,"parent":0,"menu_order":0,"comment_status":"closed","ping_status":"closed","template":"","meta":{"_et_pb_use_builder":"on","_et_pb_old_content":"","_et_gb_content_width":"","footnotes":""},"class_list":["post-765","page","type-page","status-publish","hentry"],"_links":{"self":[{"href":"https:\/\/musee-tudor.lu\/fr\/wp-json\/wp\/v2\/pages\/765","targetHints":{"allow":["GET"]}}],"collection":[{"href":"https:\/\/musee-tudor.lu\/fr\/wp-json\/wp\/v2\/pages"}],"about":[{"href":"https:\/\/musee-tudor.lu\/fr\/wp-json\/wp\/v2\/types\/page"}],"author":[{"embeddable":true,"href":"https:\/\/musee-tudor.lu\/fr\/wp-json\/wp\/v2\/users\/5"}],"replies":[{"embeddable":true,"href":"https:\/\/musee-tudor.lu\/fr\/wp-json\/wp\/v2\/comments?post=765"}],"version-history":[{"count":3,"href":"https:\/\/musee-tudor.lu\/fr\/wp-json\/wp\/v2\/pages\/765\/revisions"}],"predecessor-version":[{"id":768,"href":"https:\/\/musee-tudor.lu\/fr\/wp-json\/wp\/v2\/pages\/765\/revisions\/768"}],"wp:attachment":[{"href":"https:\/\/musee-tudor.lu\/fr\/wp-json\/wp\/v2\/media?parent=765"}],"curies":[{"name":"wp","href":"https:\/\/api.w.org\/{rel}","templated":true}]}}